{"id":12,"date":"2022-03-29T17:03:02","date_gmt":"2022-03-29T17:03:02","guid":{"rendered":"http:\/\/waclawgolonka.pl\/?page_id=12"},"modified":"2023-03-05T16:34:57","modified_gmt":"2023-03-05T16:34:57","slug":"zyciorys","status":"publish","type":"page","link":"http:\/\/waclawgolonka.pl\/index.php\/zyciorys\/","title":{"rendered":"\u017byciorys"},"content":{"rendered":"\t\t<div data-elementor-type=\"wp-page\" data-elementor-id=\"12\" class=\"elementor elementor-12\">\n\t\t\t\t\t\t\t\t\t<section class=\"elementor-section elementor-top-section elementor-element elementor-element-15e640b elementor-section-boxed elementor-section-height-default elementor-section-height-default\" data-id=\"15e640b\" data-element_type=\"section\" data-settings=\"{&quot;_ha_eqh_enable&quot;:false}\">\n\t\t\t\t\t\t<div class=\"elementor-container elementor-column-gap-default\">\n\t\t\t\t\t<div class=\"elementor-column elementor-col-33 elementor-top-column elementor-element elementor-element-9b2f25f\" data-id=\"9b2f25f\" data-element_type=\"column\">\n\t\t\t<div class=\"elementor-widget-wrap elementor-element-populated\">\n\t\t\t\t\t\t\t\t<div class=\"elementor-element elementor-element-22fe606 elementor-widget elementor-widget-image\" data-id=\"22fe606\" data-element_type=\"widget\" data-widget_type=\"image.default\">\n\t\t\t\t<div class=\"elementor-widget-container\">\n\t\t\t<style>\/*! elementor - v3.10.2 - 29-01-2023 *\/\n.elementor-widget-image{text-align:center}.elementor-widget-image a{display:inline-block}.elementor-widget-image a img[src$=\".svg\"]{width:48px}.elementor-widget-image img{vertical-align:middle;display:inline-block}<\/style>\t\t\t\t\t\t\t\t\t<figure class=\"wp-caption\">\n\t\t\t\t\t\t\t\t\t\t<img decoding=\"async\" width=\"1024\" height=\"684\" src=\"http:\/\/waclawgolonka.pl\/wp-content\/uploads\/2022\/03\/fot.-Wojciech-Mateusiak-24-of-41-1024x684.jpg\" class=\"attachment-large size-large wp-image-29\" alt=\"\" loading=\"lazy\" srcset=\"http:\/\/waclawgolonka.pl\/wp-content\/uploads\/2022\/03\/fot.-Wojciech-Mateusiak-24-of-41-1024x684.jpg 1024w, http:\/\/waclawgolonka.pl\/wp-content\/uploads\/2022\/03\/fot.-Wojciech-Mateusiak-24-of-41-300x200.jpg 300w, http:\/\/waclawgolonka.pl\/wp-content\/uploads\/2022\/03\/fot.-Wojciech-Mateusiak-24-of-41-768x513.jpg 768w, http:\/\/waclawgolonka.pl\/wp-content\/uploads\/2022\/03\/fot.-Wojciech-Mateusiak-24-of-41-1536x1025.jpg 1536w, http:\/\/waclawgolonka.pl\/wp-content\/uploads\/2022\/03\/fot.-Wojciech-Mateusiak-24-of-41-2048x1367.jpg 2048w, http:\/\/waclawgolonka.pl\/wp-content\/uploads\/2022\/03\/fot.-Wojciech-Mateusiak-24-of-41.jpg 1600w\" sizes=\"(max-width: 1024px) 100vw, 1024px\" \/>\t\t\t\t\t\t\t\t\t\t\t<figcaption class=\"widget-image-caption wp-caption-text\">fot. Wojciech Mateusiak<\/figcaption>\n\t\t\t\t\t\t\t\t\t\t<\/figure>\n\t\t\t\t\t\t\t\t\t<\/div>\n\t\t\t\t<\/div>\n\t\t\t\t<div class=\"elementor-element elementor-element-2a8ece8 elementor-widget elementor-widget-button\" data-id=\"2a8ece8\" data-element_type=\"widget\" data-widget_type=\"button.default\">\n\t\t\t\t<div class=\"elementor-widget-container\">\n\t\t\t\t\t<div class=\"elementor-button-wrapper\">\n\t\t\t<a href=\"http:\/\/waclawgolonka.pl\/wp-content\/uploads\/2023\/03\/Waclaw_PL.pdf\" class=\"elementor-button-link elementor-button elementor-size-sm\" role=\"button\">\n\t\t\t\t\t\t<span class=\"elementor-button-content-wrapper\">\n\t\t\t\t\t\t<span class=\"elementor-button-text\">\u017byciorys PDF<\/span>\n\t\t<\/span>\n\t\t\t\t\t<\/a>\n\t\t<\/div>\n\t\t\t\t<\/div>\n\t\t\t\t<\/div>\n\t\t\t\t<div class=\"elementor-element elementor-element-2343793 elementor-widget elementor-widget-text-editor\" data-id=\"2343793\" data-element_type=\"widget\" data-widget_type=\"text-editor.default\">\n\t\t\t\t<div class=\"elementor-widget-container\">\n\t\t\t<style>\/*! elementor - v3.10.2 - 29-01-2023 *\/\n.elementor-widget-text-editor.elementor-drop-cap-view-stacked .elementor-drop-cap{background-color:#818a91;color:#fff}.elementor-widget-text-editor.elementor-drop-cap-view-framed .elementor-drop-cap{color:#818a91;border:3px solid;background-color:transparent}.elementor-widget-text-editor:not(.elementor-drop-cap-view-default) .elementor-drop-cap{margin-top:8px}.elementor-widget-text-editor:not(.elementor-drop-cap-view-default) .elementor-drop-cap-letter{width:1em;height:1em}.elementor-widget-text-editor .elementor-drop-cap{float:left;text-align:center;line-height:1;font-size:50px}.elementor-widget-text-editor .elementor-drop-cap-letter{display:inline-block}<\/style>\t\t\t\t\t\t\t\t\t\t<\/div>\n\t\t\t\t<\/div>\n\t\t\t\t\t<\/div>\n\t\t<\/div>\n\t\t\t\t<div class=\"elementor-column elementor-col-66 elementor-top-column elementor-element elementor-element-f7231af\" data-id=\"f7231af\" data-element_type=\"column\">\n\t\t\t<div class=\"elementor-widget-wrap elementor-element-populated\">\n\t\t\t\t\t\t\t\t<div class=\"elementor-element elementor-element-1f09850 elementor-widget elementor-widget-text-editor\" data-id=\"1f09850\" data-element_type=\"widget\" data-widget_type=\"text-editor.default\">\n\t\t\t\t<div class=\"elementor-widget-container\">\n\t\t\t\t\t\t\t<p><strong>Prof. dr hab. Wac\u0142aw Golonka <\/strong>urodzi\u0142 si\u0119 w Bielsku-Bia\u0142ej, swoje wykszta\u0142cenie muzyczne otrzyma\u0142 w Pa\u0144stwowej Szkole Muzycznej I i II stopnia im. St. Moniuszki w klasie fortepiany Renaty Sanak, Akademii Muzycznej w Krakowie w klasie organ\u00f3w Tomasza Nowaka oraz Hochschule f\u00fcr Musik und Darstellende Kunst w Wiedniu w klasie organ\u00f3w prof. Hansa Haselb\u00f6cka. Dyplomy uko\u0144czenia studi\u00f3w w zakresie gry na organach otrzyma\u0142 z wyr\u00f3\u017cnieniem. W trakcie studi\u00f3w w Wiedniu by\u0142 stypendyst\u0105 Ministerstwa Kultury Austrii. Jest laureatem konkurs\u00f3w organowych w Pradze (II nagroda), Norymberdze (III nagroda) i Pretorii, gdzie opr\u00f3cz pierwszej nagrody otrzyma\u0142 trzy wyr\u00f3\u017cnienia: za najlepsze wykonanie sonaty triowej J. S. Bacha, za najlepsze wykonanie trzeciej rundy konkursu oraz za najlepsze wykonanie koncertu z orkiestr\u0105.<span style=\"font-style: inherit; font-weight: inherit; color: var( --e-global-color-text ); font-family: var( --e-global-typography-text-font-family ), Sans-serif; background-color: var(--ast-global-color-5);\">\u00a0<\/span><\/p><p>Od wielu lat prowadzi intensywn\u0105 dzia\u0142alno\u015b\u0107 koncertow\u0105 nie tylko w wielu pa\u0144stwach Europy, ale tak\u017ce Azji, Ameryce P\u00f3\u0142nocnej, Afryce (Namibia oraz RPA, gdzie odby\u0142 trzykrotnie tourn\u00e9e koncertowe). Do najwa\u017cniejszych miejsc jego dzia\u0142alno\u015bci artystycznej nale\u017c\u0105 katedry w Wiedniu, Utrechcie, Chartres, Lozannie, Oliwie, Kaliningradzie, sale koncertowe Filharmonii Narodowej w Warszawie, Berliner Philharmonie, Filharmonie Moskwy (im. S. Rachmaninowa), Permu, Murma\u0144ska, Cape Town Philharmonic, Baxter Concert Hall, UNISA w Pretorii, Nottingham Albert Hall, Meistersingerhalle w Norymberdze, Cleveland Museum of Art, austriackiego radia ORF w Wiedniu, s\u0142owackiego radia w Bratys\u0142awie oraz wielokrotnie B. Smetany w Pradze. Wac\u0142aw Golonka wyst\u0119powa\u0142 jako solista z orkiestrami Radio Philharmony Orchestra w Pretorii, Cape Town Philharmonic Orchestra, Filharmoni\u0105 \u015al\u0105sk\u0105, Filharmoni\u0105 w Bydgoszczy, Filharmoni\u0105 Brne\u0144sk\u0105, praskim FOK, Concerto Avenna, Bielsk\u0105 Orkiestr\u0105 Kameraln\u0105, Capell\u0105 Cracoviensis i \u015al\u0105sk\u0105 Orkiestr\u0105 Kameraln\u0105.<span style=\"font-style: inherit; font-weight: inherit; color: var( --e-global-color-text ); font-family: var( --e-global-typography-text-font-family ), Sans-serif; background-color: var(--ast-global-color-5);\">\u00a0<\/span><\/p><p>Z orkiestr\u0105 Concerto Avenna nagra\u0142 Koncert organowy Paw\u0142a \u0141ukaszewskiego. Nagranie znalaz\u0142o si\u0119 na p\u0142ycie CD z kompozycjami autora Koncertu, kt\u00f3ra otrzyma\u0142a nagrod\u0119 Fryderyka w 2008 roku. Zrealizowa\u0142 wiele nagra\u0144 dla stacji telewizyjnych i radiowych. Jego nagranie dla TV Polonia ilustrowa\u0142o cykl film\u00f3w Madonny Polskie, a Telewizja Katowice zrealizowa\u0142a w 1998 r. film o jego dzia\u0142alno\u015bci pt. Muzyka d\u017awi\u0119ku i przestrzeni. Nagrania dokonane przez Czeskie Radio prezentowane s\u0105 w europejskiej sieci EBU. Czeskie Radio zrealizowa\u0142o tak\u017ce nagrania na p\u0142yty CD. Nagrywa\u0142 dla holenderskiego radia Hilversum, niemieckiego Bayerischer Rundfunk, austriackiego ORF, Radia Watykan, Radia S\u0142owackiego oraz Czeskiej Telewizji. Jako kameralista wsp\u00f3\u0142pracuje z wieloma artystami, prezentuj\u0105c muzyk\u0119 wszystkich epok i styl\u00f3w. Jest autorem nagrania CD oraz ksi\u0105\u017cki Sigfrid Karg-Elert (1877-1933) \u2013 w \u017cywiole koloryzmu d\u017awi\u0119kowego. <br \/>W latach 1999 \u2013 2002 by\u0142 odpowiedzialny za budow\u0119 nowych organ\u00f3w w Sali widowiskowej Bielskiego Centrum Kultury, gdzie by\u0142 pomys\u0142odawc\u0105 i kierownikiem artystycznym Festiwalu im. J. S. Bacha.<span style=\"font-style: inherit; font-weight: inherit; color: var( --e-global-color-text ); font-family: var( --e-global-typography-text-font-family ), Sans-serif; background-color: var(--ast-global-color-5);\">\u00a0<\/span><\/p><p>Jest pomys\u0142odawc\u0105 i dyrektorem Konkursu Muzyki Organowej i Kameralnej Artem cameralem promovere w Mielcu, a tak\u017ce organizatorem konkursu dla m\u0142odych organist\u00f3w Lux organi w Chorzowie. Promuje muzyk\u0119 organow\u0105 i organowo-kameraln\u0105 organizuj\u0105c festiwale. Prowadzi dzia\u0142alno\u015b\u0107 dydaktyczno-naukow\u0105 w wielu o\u015brodkach akademickich w Polsce, Czechach i Niemczech. Pracuje w macierzystej uczelni, Akademii Muzycznej im. Krzysztofa Pendereckiego w Krakowie gdzie prowadzi klas\u0119 organ\u00f3w. <br \/>W latach 2016-2020 pracowa\u0142 nad zbiorem Nieznane pie\u015bni religijne powiatu bieru\u0144sko-l\u0119dzi\u0144skiego i wojew\u00f3dztwa \u015bl\u0105skiego obejmuj\u0105cym zebranie, zharmonizowanie, skomponowanie postludi\u00f3w, wydanie oraz nagranie cz\u0119\u015bci pie\u015bni i postludi\u00f3w na p\u0142ycie CD pt.: In honorem Sancti Valentini. W nagraniu zrealizowanym w Ko\u015bciele \u015bw. Bart\u0142omieja w Bieruniu wzi\u0105\u0142 udzia\u0142 w charakterze solisty Marcin Wolak \u2013 bas, wykonuj\u0105cy zebrane pie\u015bni. Zbi\u00f3r zawiera 27 pozycji, z kt\u00f3rych nagrano 13.<\/p><p>Wac\u0142aw Golonka w swoim dorobku artystycznym posiada wiele p\u0142yt CD z muzyk\u0105 organow\u0105 i organowo-kameraln\u0105. P\u0142yta solowa pt.: Sonare Deo et populo otrzyma\u0142a Nagrod\u0119 Stowarzyszenia Wydawc\u00f3w Katolickich Feniks 2021. <br \/>Jest autorem kompozycji pt. Poemat \u015bl\u0105ski \u2013 Korfanty na zesp\u00f3\u0142 instrument\u00f3w d\u0119tych (flet, klarnet, tr\u0105bka, waltornia, puzon) instrumenty perkusyjne, fortepian oraz aktora. Utw\u00f3r zosta\u0142 napisany z okazji setnej rocznicy Powsta\u0144 \u015al\u0105skich oraz upami\u0119tnia Wojciecha Korfantego \u2013 polskiego m\u0119\u017ca stanu i pos\u0142a Bundestagu.<\/p><p>W ramach stypendium Bielska-Bia\u0142ej w dziedzinie kultury i sztuki zrealizowa\u0142 dokument pt.: Organy Bielska-Bia\u0142ej. Mapa najbardziej warto\u015bciowych instrument\u00f3w w mie\u015bcie, ich historia, stan techniczny, warto\u015b\u0107 artystyczna i liturgiczna opisuj\u0105cy najciekawsze zagadnienia zwi\u0105zane z organami, ich histori\u0105, budow\u0105, warto\u015bci\u0105 zabytkow\u0105 i artystyczn\u0105 oraz najwa\u017cniejsze instrumentarium organowe w mie\u015bcie. <br \/>W 2020 roku zosta\u0142 laureatem Nagrody Marsza\u0142ka wojew\u00f3dztwa \u015bl\u0105skiego w dziedzinie kultury. Artysta wci\u0105\u017c poszerza sw\u00f3j repertuar, dokonuj\u0105c prawykona\u0144 i nagra\u0144 nowych utwor\u00f3w organowych i organowo-kameralnych dedykowanych jemu oraz artystom, z kt\u00f3rymi wsp\u00f3\u0142pracuj<\/p>\t\t\t\t\t\t<\/div>\n\t\t\t\t<\/div>\n\t\t\t\t\t<\/div>\n\t\t<\/div>\n\t\t\t\t\t\t\t<\/div>\n\t\t<\/section>\n\t\t\t\t\t\t\t<\/div>\n\t\t","protected":false},"excerpt":{"rendered":"<p>fot. Wojciech Mateusiak \u017byciorys PDF Prof. dr hab. Wac\u0142aw Golonka urodzi\u0142 si\u0119 w Bielsku-Bia\u0142ej, swoje wykszta\u0142cenie muzyczne otrzyma\u0142 w Pa\u0144stwowej Szkole Muzycznej I i II stopnia im. St. Moniuszki w klasie fortepiany Renaty Sanak, Akademii Muzycznej w Krakowie w klasie organ\u00f3w Tomasza Nowaka oraz Hochschule f\u00fcr Musik und Darstellende Kunst w Wiedniu w klasie organ\u00f3w &hellip;<\/p>\n<p class=\"read-more\"> <a class=\"\" href=\"http:\/\/waclawgolonka.pl\/index.php\/zyciorys\/\"> <span class=\"screen-reader-text\">\u017byciorys<\/span> Read More &raquo;<\/a><\/p>\n","protected":false},"author":1,"featured_media":0,"parent":0,"menu_order":0,"comment_status":"closed","ping_status":"closed","template":"","meta":{"site-sidebar-layout":"no-sidebar","site-content-layout":"page-builder","ast-global-header-display":"","ast-main-header-display":"","ast-hfb-above-header-display":"","ast-hfb-below-header-display":"","ast-hfb-mobile-header-display":"","site-post-title":"disabled","ast-breadcrumbs-content":"","ast-featured-img":"disabled","footer-sml-layout":"","theme-transparent-header-meta":"","adv-header-id-meta":"","stick-header-meta":"","header-above-stick-meta":"","header-main-stick-meta":"","header-below-stick-meta":""},"_links":{"self":[{"href":"http:\/\/waclawgolonka.pl\/index.php\/wp-json\/wp\/v2\/pages\/12"}],"collection":[{"href":"http:\/\/waclawgolonka.pl\/index.php\/wp-json\/wp\/v2\/pages"}],"about":[{"href":"http:\/\/waclawgolonka.pl\/index.php\/wp-json\/wp\/v2\/types\/page"}],"author":[{"embeddable":true,"href":"http:\/\/waclawgolonka.pl\/index.php\/wp-json\/wp\/v2\/users\/1"}],"replies":[{"embeddable":true,"href":"http:\/\/waclawgolonka.pl\/index.php\/wp-json\/wp\/v2\/comments?post=12"}],"version-history":[{"count":19,"href":"http:\/\/waclawgolonka.pl\/index.php\/wp-json\/wp\/v2\/pages\/12\/revisions"}],"predecessor-version":[{"id":559,"href":"http:\/\/waclawgolonka.pl\/index.php\/wp-json\/wp\/v2\/pages\/12\/revisions\/559"}],"wp:attachment":[{"href":"http:\/\/waclawgolonka.pl\/index.php\/wp-json\/wp\/v2\/media?parent=12"}],"curies":[{"name":"wp","href":"https:\/\/api.w.org\/{rel}","templated":true}]}}